{"id":386,"date":"2021-09-07T13:00:45","date_gmt":"2021-09-07T18:00:45","guid":{"rendered":"https:\/\/fgl.com.mx\/?page_id=386"},"modified":"2021-10-06T09:11:12","modified_gmt":"2021-10-06T14:11:12","slug":"aviso-de-privacidad","status":"publish","type":"page","link":"https:\/\/fgl.com.mx\/index.php\/aviso-de-privacidad\/","title":{"rendered":"AVISO DE PRIVACIDAD"},"content":{"rendered":"\t\t<div data-elementor-type=\"wp-page\" data-elementor-id=\"386\" class=\"elementor elementor-386\" data-elementor-settings=\"[]\">\n\t\t\t\t\t\t\t<div class=\"elementor-section-wrap\">\n\t\t\t\t\t\t\t<section class=\"elementor-section elementor-top-section elementor-element elementor-element-9414879 elementor-section-boxed elementor-section-height-default elementor-section-height-default\" data-id=\"9414879\" data-element_type=\"section\">\n\t\t\t\t\t\t<div class=\"elementor-container elementor-column-gap-default\">\n\t\t\t\t\t<div class=\"elementor-column elementor-col-100 elementor-top-column elementor-element elementor-element-0886ff8\" data-id=\"0886ff8\" data-element_type=\"column\">\n\t\t\t<div class=\"elementor-widget-wrap elementor-element-populated\">\n\t\t\t\t\t\t\t\t<div class=\"elementor-element elementor-element-b8d0544 elementor-widget elementor-widget-text-editor\" data-id=\"b8d0544\" data-element_type=\"widget\" data-widget_type=\"text-editor.default\">\n\t\t\t\t<div class=\"elementor-widget-container\">\n\t\t\t\t\t\t\t<p style=\"margin-bottom: 0cm; text-align: justify; line-height: normal; background-image: initial; background-position: initial; background-size: initial; background-repeat: initial; background-attachment: initial; background-origin: initial; background-clip: initial; vertical-align: baseline;\"><span style=\"font-size: 12.0pt; font-family: 'Source Sans Pro',sans-serif; mso-fareast-font-family: 'Times New Roman'; mso-bidi-font-family: 'Times New Roman'; color: #002469; mso-fareast-language: ES-MX;\">Para\u00a0<b><span style=\"border: none windowtext 1.0pt; mso-border-alt: none windowtext 0cm; padding: 0cm;\">Francisco Garc\u00eda L\u00f3pez, S.A. de C.V.<\/span><\/b>, cuyo objetivo prioritario es \u201caliviar el sufrimiento y prolongar la vida\u201d, y respondiendo a los requerimientos legales\u00a0 sobre el tratamiento leg\u00edtimo, controlado e informado de los datos personales, su privacidad y confianza \u00a0es de vital importancia para alcanzar dicho objetivo con la participaci\u00f3n de todas las \u00e1reas del negocio, asimismo queremos reiterar nuestro compromiso con el derecho a la privacidad y a la autodeterminaci\u00f3n informativa. El presente Aviso de Privacidad tiene como objeto informarle sobre el tratamiento que se le dar\u00e1 a sus datos personales cuando los mismos son recabados, utilizados, almacenados y\/o transferidos por\u00a0<b><span style=\"border: none windowtext 1.0pt; mso-border-alt: none windowtext 0cm; padding: 0cm;\">Francisco Garc\u00eda L\u00f3pez, S.A. de C.V.\u00a0<\/span><\/b>Por lo anterior, requerimos compartir con usted nuestra pol\u00edtica de privacidad y de c\u00f3mo se salvaguarda la integridad, privacidad y protecci\u00f3n de sus datos personales, en apego a la Ley Federal de Protecci\u00f3n de Datos Personales en Posesi\u00f3n de los Particulares, publicada en el Diario Oficial de la Federaci\u00f3n el d\u00eda 5 de julio de 2010.<\/span><\/p><p style=\"margin-bottom: 0cm; text-align: justify; line-height: normal; background-image: initial; background-position: initial; background-size: initial; background-repeat: initial; background-attachment: initial; background-origin: initial; background-clip: initial; vertical-align: baseline;\"><b><span style=\"font-size: 12.0pt; font-family: 'Source Sans Pro',sans-serif; mso-fareast-font-family: 'Times New Roman'; mso-bidi-font-family: 'Times New Roman'; color: #002469; border: none windowtext 1.0pt; mso-border-alt: none windowtext 0cm; padding: 0cm; mso-fareast-language: ES-MX;\">Responsable del tratamiento de sus datos personales<\/span><\/b><\/p><p style=\"margin-bottom: 19.2pt; text-align: justify; line-height: normal; background-image: initial; background-position: initial; background-size: initial; background-repeat: initial; background-attachment: initial; background-origin: initial; background-clip: initial; vertical-align: baseline;\"><span style=\"font-size: 12.0pt; font-family: 'Source Sans Pro',sans-serif; mso-fareast-font-family: 'Times New Roman'; mso-bidi-font-family: 'Times New Roman'; color: #002469; mso-fareast-language: ES-MX;\">Francisco Garc\u00eda L\u00f3pez, S.A. de C.V. (FGL) con domicilio en Real de San Lucas, n\u00fam. 115, Col. Barrio San Lucas, CDMX CP. 04030, ser\u00e1 el responsable y, por ende, quien decidir\u00e1 sobre el tratamiento que se le d\u00e9 a sus datos personales.<\/span><\/p><p style=\"margin-bottom: 19.2pt; line-height: normal; background-image: initial; background-position: initial; background-size: initial; background-repeat: initial; background-attachment: initial; background-origin: initial; background-clip: initial; vertical-align: baseline; text-align: center;\"><b><span style=\"font-size: 12.0pt; font-family: 'Source Sans Pro',sans-serif; mso-fareast-font-family: 'Times New Roman'; mso-bidi-font-family: 'Times New Roman'; color: #002469; border: none windowtext 1.0pt; mso-border-alt: none windowtext 0cm; padding: 0cm; mso-fareast-language: ES-MX;\">Datos personales que se recaban.<\/span><\/b><\/p><p style=\"margin-bottom: 19.2pt; line-height: normal; background-image: initial; background-position: initial; background-size: initial; background-repeat: initial; background-attachment: initial; background-origin: initial; background-clip: initial; vertical-align: baseline; text-align: center;\"><span style=\"font-size: 12.0pt; font-family: 'Source Sans Pro',sans-serif; mso-fareast-font-family: 'Times New Roman'; mso-bidi-font-family: 'Times New Roman'; color: #002469; mso-fareast-language: ES-MX;\">Francisco Garc\u00eda L\u00f3pez, S.A. de C.V., podr\u00e1 recabar y, en su caso, tratar los siguientes datos personales, dependiendo de la relaci\u00f3n que con usted exista:<\/span><\/p><ul><li style=\"line-height: normal; background-image: initial; background-position: initial; background-size: initial; background-repeat: initial; background-attachment: initial; background-origin: initial; background-clip: initial; vertical-align: baseline; text-align: left;\"><!-- [if !supportLists]--><span style=\"font-size: 12.0pt; font-family: 'Source Sans Pro',sans-serif; mso-fareast-font-family: 'Times New Roman'; mso-bidi-font-family: 'Times New Roman'; color: #002469; mso-fareast-language: ES-MX;\">Nombre completo o raz\u00f3n Social<\/span><\/li><li style=\"text-align: left;\"><!-- [if !supportLists]--><span style=\"font-size: 12.0pt; font-family: 'Source Sans Pro',sans-serif; mso-fareast-font-family: 'Times New Roman'; mso-bidi-font-family: 'Times New Roman'; color: #002469; mso-fareast-language: ES-MX;\">RFC.<\/span><\/li><li style=\"text-align: left;\"><!-- [if !supportLists]--><span style=\"font-size: 12.0pt; font-family: 'Source Sans Pro',sans-serif; mso-fareast-font-family: 'Times New Roman'; mso-bidi-font-family: 'Times New Roman'; color: #002469; mso-fareast-language: ES-MX;\">Domicilio.<\/span><\/li><li style=\"text-align: left;\"><!-- [if !supportLists]--><span style=\"font-size: 12.0pt; font-family: 'Source Sans Pro',sans-serif; mso-fareast-font-family: 'Times New Roman'; mso-bidi-font-family: 'Times New Roman'; color: #002469; mso-fareast-language: ES-MX;\">Correo electr\u00f3nico.<\/span><\/li><li style=\"text-align: left;\"><!-- [if !supportLists]--><span style=\"font-size: 12.0pt; font-family: 'Source Sans Pro',sans-serif; mso-fareast-font-family: 'Times New Roman'; mso-bidi-font-family: 'Times New Roman'; color: #002469; mso-fareast-language: ES-MX;\">Tel\u00e9fono.<\/span><\/li><li style=\"text-align: left;\"><!-- [if !supportLists]--><span style=\"font-size: 12.0pt; font-family: 'Source Sans Pro',sans-serif; mso-fareast-font-family: 'Times New Roman'; mso-bidi-font-family: 'Times New Roman'; color: #002469; mso-fareast-language: ES-MX;\">Informaci\u00f3n sobre c\u00f3mo se enter\u00f3 de los productos y servicios de Francisco Garc\u00eda L\u00f3pez, SA de CV.<\/span><\/li><\/ul><p style=\"margin-bottom: 19.2pt; text-align: justify; line-height: normal; background-image: initial; background-position: initial; background-size: initial; background-repeat: initial; background-attachment: initial; background-origin: initial; background-clip: initial; vertical-align: baseline;\"><span style=\"font-size: 12.0pt; font-family: 'Source Sans Pro',sans-serif; mso-fareast-font-family: 'Times New Roman'; mso-bidi-font-family: 'Times New Roman'; color: #002469; mso-fareast-language: ES-MX;\">Francisco Garc\u00eda L\u00f3pez, S.A. de C.V., tambi\u00e9n podr\u00e1 tratar los siguientes datos personales sensibles:<\/span><\/p><ul><li style=\"line-height: normal; background-image: initial; background-position: initial; background-size: initial; background-repeat: initial; background-attachment: initial; background-origin: initial; background-clip: initial; vertical-align: baseline; text-align: left;\"><!-- [if !supportLists]--><span style=\"font-size: 12.0pt; font-family: 'Source Sans Pro',sans-serif; mso-fareast-font-family: 'Times New Roman'; mso-bidi-font-family: 'Times New Roman'; color: #002469; mso-fareast-language: ES-MX;\">Informaci\u00f3n respecto a los productos de Francisco Garc\u00eda L\u00f3pez, S.A. de C.V., que usted adquiere.<\/span><\/li><li style=\"line-height: normal; background-image: initial; background-position: initial; background-size: initial; background-repeat: initial; background-attachment: initial; background-origin: initial; background-clip: initial; vertical-align: baseline; text-align: left;\"><!-- [if !supportLists]--><span style=\"font-size: 12.0pt; font-family: 'Source Sans Pro',sans-serif; mso-fareast-font-family: 'Times New Roman'; mso-bidi-font-family: 'Times New Roman'; color: #002469; mso-fareast-language: ES-MX;\">Registro de compras del producto.<\/span><\/li><li style=\"line-height: normal; background-image: initial; background-position: initial; background-size: initial; background-repeat: initial; background-attachment: initial; background-origin: initial; background-clip: initial; vertical-align: baseline; text-align: left;\"><!-- [if !supportLists]--><span style=\"font-size: 12.0pt; font-family: 'Source Sans Pro',sans-serif; mso-fareast-font-family: 'Times New Roman'; mso-bidi-font-family: 'Times New Roman'; color: #002469; mso-fareast-language: ES-MX;\">Estudios sobre efectividad de los productos.<\/span><\/li><\/ul><p style=\"margin-bottom: 19.2pt; text-align: justify; line-height: normal; background-image: initial; background-position: initial; background-size: initial; background-repeat: initial; background-attachment: initial; background-origin: initial; background-clip: initial; vertical-align: baseline;\"><span style=\"font-size: 12.0pt; font-family: 'Source Sans Pro',sans-serif; mso-fareast-font-family: 'Times New Roman'; mso-bidi-font-family: 'Times New Roman'; color: #002469; mso-fareast-language: ES-MX;\">Podr\u00e1n tratarse otros datos personales, sensibles y no sensibles, que no se incluyan en las listas anteriores siempre y cuando dichos datos se consideren de la misma naturaleza y no sean excesivos respecto a las finalidades para las cuales se recaban.<\/span><\/p><p style=\"margin-bottom: 0cm; line-height: normal; background-image: initial; background-position: initial; background-size: initial; background-repeat: initial; background-attachment: initial; background-origin: initial; background-clip: initial; vertical-align: baseline; text-align: center;\"><b><span style=\"font-size: 12.0pt; font-family: 'Source Sans Pro',sans-serif; mso-fareast-font-family: 'Times New Roman'; mso-bidi-font-family: 'Times New Roman'; color: #002469; border: none windowtext 1.0pt; mso-border-alt: none windowtext 0cm; padding: 0cm; mso-fareast-language: ES-MX;\">Finalidades del tratamiento de los datos personales.<\/span><\/b><\/p><p style=\"margin-bottom: 0cm; line-height: normal; background-image: initial; background-position: initial; background-size: initial; background-repeat: initial; background-attachment: initial; background-origin: initial; background-clip: initial; vertical-align: baseline; text-align: center;\"><span style=\"font-size: 12.0pt; font-family: 'Source Sans Pro',sans-serif; mso-fareast-font-family: 'Times New Roman'; mso-bidi-font-family: 'Times New Roman'; color: #002469; mso-fareast-language: ES-MX;\">Francisco Garc\u00eda L\u00f3pez, S.A. de C.V., \u00a0recaba, utiliza, almacena o transfiere sus datos personales, en la medida en que las leyes aplicables lo permiten, para llevar a cabo lo siguiente:<\/span><\/p><ul><li style=\"line-height: normal; background-image: initial; background-position: initial; background-size: initial; background-repeat: initial; background-attachment: initial; background-origin: initial; background-clip: initial; vertical-align: baseline; text-align: left;\"><!-- [if !supportLists]--><span style=\"font-size: 12.0pt; font-family: 'Source Sans Pro',sans-serif; mso-fareast-font-family: 'Times New Roman'; mso-bidi-font-family: 'Times New Roman'; color: #002469; mso-fareast-language: ES-MX;\">Cumplimiento con obligaciones de salud y otras obligaciones legales.<\/span><\/li><li style=\"line-height: normal; background-image: initial; background-position: initial; background-size: initial; background-repeat: initial; background-attachment: initial; background-origin: initial; background-clip: initial; vertical-align: baseline; text-align: left;\"><!-- [if !supportLists]--><span style=\"font-size: 12.0pt; font-family: 'Source Sans Pro',sans-serif; mso-fareast-font-family: 'Times New Roman'; mso-bidi-font-family: 'Times New Roman'; color: #002469; mso-fareast-language: ES-MX;\">Desarrollo de nuevos productos y servicios.<\/span><\/li><li style=\"line-height: normal; background-image: initial; background-position: initial; background-size: initial; background-repeat: initial; background-attachment: initial; background-origin: initial; background-clip: initial; vertical-align: baseline; text-align: left;\"><!-- [if !supportLists]--><span style=\"font-size: 12.0pt; font-family: 'Source Sans Pro',sans-serif; mso-fareast-font-family: 'Times New Roman'; mso-bidi-font-family: 'Times New Roman'; color: #002469; mso-fareast-language: ES-MX;\">Conocer el mercado y el desempe\u00f1o de la empresa dentro de este.<\/span><\/li><li style=\"line-height: normal; background-image: initial; background-position: initial; background-size: initial; background-repeat: initial; background-attachment: initial; background-origin: initial; background-clip: initial; vertical-align: baseline; text-align: left;\"><!-- [if !supportLists]--><span style=\"font-size: 12.0pt; font-family: 'Source Sans Pro',sans-serif; mso-fareast-font-family: 'Times New Roman'; mso-bidi-font-family: 'Times New Roman'; color: #002469; mso-fareast-language: ES-MX;\">Seguimiento a las ventas a fin de alcanzar la satisfacci\u00f3n del cliente.<\/span><\/li><li style=\"line-height: normal; background-image: initial; background-position: initial; background-size: initial; background-repeat: initial; background-attachment: initial; background-origin: initial; background-clip: initial; vertical-align: baseline; text-align: left;\"><!-- [if !supportLists]--><span style=\"font-size: 12.0pt; font-family: 'Source Sans Pro',sans-serif; mso-fareast-font-family: 'Times New Roman'; mso-bidi-font-family: 'Times New Roman'; color: #002469; mso-fareast-language: ES-MX;\">Estudios para determinar la satisfacci\u00f3n del consumidor.<\/span><\/li><li style=\"line-height: normal; background-image: initial; background-position: initial; background-size: initial; background-repeat: initial; background-attachment: initial; background-origin: initial; background-clip: initial; vertical-align: baseline; text-align: left;\"><!-- [if !supportLists]--><span style=\"font-size: 12.0pt; font-family: 'Source Sans Pro',sans-serif; mso-fareast-font-family: 'Times New Roman'; mso-bidi-font-family: 'Times New Roman'; color: #002469; mso-fareast-language: ES-MX;\">Conformaci\u00f3n de expedientes de consumidores.<\/span><\/li><li style=\"line-height: normal; background-image: initial; background-position: initial; background-size: initial; background-repeat: initial; background-attachment: initial; background-origin: initial; background-clip: initial; vertical-align: baseline; text-align: left;\"><!-- [if !supportLists]--><span style=\"font-size: 12.0pt; font-family: 'Source Sans Pro',sans-serif; mso-fareast-font-family: 'Times New Roman'; mso-bidi-font-family: 'Times New Roman'; color: #002469; mso-fareast-language: ES-MX;\">Creaci\u00f3n de directorios.<\/span><\/li><li style=\"line-height: normal; background-image: initial; background-position: initial; background-size: initial; background-repeat: initial; background-attachment: initial; background-origin: initial; background-clip: initial; vertical-align: baseline; text-align: left;\"><!-- [if !supportLists]--><span style=\"font-size: 12.0pt; font-family: 'Source Sans Pro',sans-serif; mso-fareast-font-family: 'Times New Roman'; mso-bidi-font-family: 'Times New Roman'; color: #002469; mso-fareast-language: ES-MX;\">Interrelaci\u00f3n de bases de datos para conocer el perfil y las necesidades del cliente.<\/span><\/li><li style=\"line-height: normal; background-image: initial; background-position: initial; background-size: initial; background-repeat: initial; background-attachment: initial; background-origin: initial; background-clip: initial; vertical-align: baseline; text-align: left;\"><!-- [if !supportLists]--><span style=\"font-size: 12.0pt; font-family: 'Source Sans Pro',sans-serif; mso-fareast-font-family: 'Times New Roman'; mso-bidi-font-family: 'Times New Roman'; color: #002469; mso-fareast-language: ES-MX;\">Invitarlo a eventos o congresos<\/span><\/li><\/ul><p style=\"margin-bottom: 19.2pt; text-align: justify; line-height: normal; background-image: initial; background-position: initial; background-size: initial; background-repeat: initial; background-attachment: initial; background-origin: initial; background-clip: initial; vertical-align: baseline;\"><span style=\"font-size: 12.0pt; font-family: 'Source Sans Pro',sans-serif; mso-fareast-font-family: 'Times New Roman'; mso-bidi-font-family: 'Times New Roman'; color: #002469; mso-fareast-language: ES-MX;\">Francisco Garc\u00eda L\u00f3pez, S.A. de C.V., podr\u00e1 hacer uso de sus datos personales para otras finalidades, siempre y cuando dichas finalidades sean compatibles y puedan considerarse an\u00e1logas a las anteriores.<br \/>Sus datos personales ser\u00e1n tratados \u00fanicamente por el tiempo necesario a fin de cumplir con las finalidades descritas y\/o de conformidad con lo que establezcan las disposiciones legales aplicables.<\/span><\/p><p style=\"margin-bottom: 0cm; text-align: justify; line-height: normal; background-image: initial; background-position: initial; background-size: initial; background-repeat: initial; background-attachment: initial; background-origin: initial; background-clip: initial; vertical-align: baseline;\"><b><span style=\"font-size: 12.0pt; font-family: 'Source Sans Pro',sans-serif; mso-fareast-font-family: 'Times New Roman'; mso-bidi-font-family: 'Times New Roman'; color: #002469; border: none windowtext 1.0pt; mso-border-alt: none windowtext 0cm; padding: 0cm; mso-fareast-language: ES-MX;\">\u00a0<\/span><\/b><\/p><p style=\"margin-bottom: 0cm; line-height: normal; background-image: initial; background-position: initial; background-size: initial; background-repeat: initial; background-attachment: initial; background-origin: initial; background-clip: initial; vertical-align: baseline; text-align: center;\"><b><span style=\"font-size: 12.0pt; font-family: 'Source Sans Pro',sans-serif; mso-fareast-font-family: 'Times New Roman'; mso-bidi-font-family: 'Times New Roman'; color: #002469; border: none windowtext 1.0pt; mso-border-alt: none windowtext 0cm; padding: 0cm; mso-fareast-language: ES-MX;\">Seguridad de los datos personales.<\/span><\/b><\/p><p style=\"margin-bottom: 19.2pt; text-align: justify; line-height: normal; background-image: initial; background-position: initial; background-size: initial; background-repeat: initial; background-attachment: initial; background-origin: initial; background-clip: initial; vertical-align: baseline;\"><span style=\"font-size: 12.0pt; font-family: 'Source Sans Pro',sans-serif; mso-fareast-font-family: 'Times New Roman'; mso-bidi-font-family: 'Times New Roman'; color: #002469; mso-fareast-language: ES-MX;\">Francisco Garc\u00eda L\u00f3pez, S.A. de C.V., implementar\u00e1 las medidas de seguridad, t\u00e9cnicas, administrativas y f\u00edsicas, necesarias para proteger sus datos personales y evitar su da\u00f1o, p\u00e9rdida, alteraci\u00f3n, destrucci\u00f3n o el uso, acceso o tratamiento no autorizado.<\/span><\/p><p style=\"margin-bottom: 19.2pt; text-align: justify; line-height: normal; background-image: initial; background-position: initial; background-size: initial; background-repeat: initial; background-attachment: initial; background-origin: initial; background-clip: initial; vertical-align: baseline;\"><span style=\"font-size: 12.0pt; font-family: 'Source Sans Pro',sans-serif; mso-fareast-font-family: 'Times New Roman'; mso-bidi-font-family: 'Times New Roman'; color: #002469; mso-fareast-language: ES-MX;\">\u00danicamente el personal autorizado, que ha cumplido y observado los correspondientes requisitos de confidencialidad, podr\u00e1 participar en el tratamiento de sus datos personales. El personal autorizado tiene prohibido permitir el acceso de personas no autorizadas y utilizar sus datos personales para fines distintos a los establecidos en el presente Aviso de Privacidad. La obligaci\u00f3n de confidencialidad de las personas que participan en el tratamiento de sus datos personales subsiste aun despu\u00e9s de terminada la relaci\u00f3n con Francisco Garc\u00eda L\u00f3pez, S.A. de C.V.<\/span><\/p><p style=\"margin-bottom: 0cm; line-height: normal; background-image: initial; background-position: initial; background-size: initial; background-repeat: initial; background-attachment: initial; background-origin: initial; background-clip: initial; vertical-align: baseline; text-align: center;\"><b><span style=\"font-size: 12.0pt; font-family: 'Source Sans Pro',sans-serif; mso-fareast-font-family: 'Times New Roman'; mso-bidi-font-family: 'Times New Roman'; color: #002469; border: none windowtext 1.0pt; mso-border-alt: none windowtext 0cm; padding: 0cm; mso-fareast-language: ES-MX;\">Comunicaciones y Transferencias de datos personales.<\/span><\/b><\/p><p style=\"margin-bottom: 19.2pt; text-align: justify; line-height: normal; background-image: initial; background-position: initial; background-size: initial; background-repeat: initial; background-attachment: initial; background-origin: initial; background-clip: initial; vertical-align: baseline;\"><span style=\"font-size: 12.0pt; font-family: 'Source Sans Pro',sans-serif; mso-fareast-font-family: 'Times New Roman'; mso-bidi-font-family: 'Times New Roman'; color: #002469; mso-fareast-language: ES-MX;\">Como parte de las operaciones propias del negocio y a fin de cumplir con las finalidades descritas; Francisco Garc\u00eda L\u00f3pez, S.A. de C.V., podr\u00e1 compartir con terceros, nacionales o extranjeros, algunos o todos sus datos personales.<\/span><\/p><p style=\"margin-bottom: 19.2pt; text-align: justify; line-height: normal; background-image: initial; background-position: initial; background-size: initial; background-repeat: initial; background-attachment: initial; background-origin: initial; background-clip: initial; vertical-align: baseline;\"><span style=\"font-size: 12.0pt; font-family: 'Source Sans Pro',sans-serif; mso-fareast-font-family: 'Times New Roman'; mso-bidi-font-family: 'Times New Roman'; color: #002469; mso-fareast-language: ES-MX;\">Francisco Garc\u00eda L\u00f3pez, S.A. de C.V., se asegurar\u00e1 a trav\u00e9s de la firma de convenios y\/o la adopci\u00f3n de otros documentos vinculantes, que dichos terceros mantengan medidas de seguridad, administrativas, t\u00e9cnicas y f\u00edsicas adecuadas para resguardar sus datos personales, as\u00ed como que dichos terceros \u00fanicamente utilicen sus datos personales para las finalidades para las cuales fueron contratados y de conformidad con el presente Aviso de Privacidad.<\/span><\/p><p style=\"margin-bottom: 19.2pt; text-align: justify; line-height: normal; background-image: initial; background-position: initial; background-size: initial; background-repeat: initial; background-attachment: initial; background-origin: initial; background-clip: initial; vertical-align: baseline;\"><span style=\"font-size: 12.0pt; font-family: 'Source Sans Pro',sans-serif; mso-fareast-font-family: 'Times New Roman'; mso-bidi-font-family: 'Times New Roman'; color: #002469; mso-fareast-language: ES-MX;\">Francisco Garc\u00eda L\u00f3pez, S.A. de C.V., no ceder\u00e1, vender\u00e1 o transferir\u00e1 sus datos personales, a terceros no relacionados con Francisco Garc\u00eda L\u00f3pez, S.A. de C.V., sin su consentimiento previo. Sin embargo, Francisco Garc\u00eda L\u00f3pez, S.A. de C.V., podr\u00e1 transferir sus datos personales en los casos previstos en la Ley Federal de Protecci\u00f3n de Datos Personales en Posesi\u00f3n de los Particulares.<\/span><\/p><p style=\"margin-bottom: 0cm; line-height: normal; background-image: initial; background-position: initial; background-size: initial; background-repeat: initial; background-attachment: initial; background-origin: initial; background-clip: initial; vertical-align: baseline; text-align: center;\"><b><span style=\"font-size: 12.0pt; font-family: 'Source Sans Pro',sans-serif; mso-fareast-font-family: 'Times New Roman'; mso-bidi-font-family: 'Times New Roman'; color: #002469; border: none windowtext 1.0pt; mso-border-alt: none windowtext 0cm; padding: 0cm; mso-fareast-language: ES-MX;\">Derechos que le corresponden.<\/span><\/b><\/p><p style=\"margin-bottom: 0cm; text-align: justify; line-height: normal; background-image: initial; background-position: initial; background-size: initial; background-repeat: initial; background-attachment: initial; background-origin: initial; background-clip: initial; vertical-align: baseline;\"><span style=\"font-size: 12.0pt; font-family: 'Source Sans Pro',sans-serif; mso-fareast-font-family: 'Times New Roman'; mso-bidi-font-family: 'Times New Roman'; color: #002469; mso-fareast-language: ES-MX;\">Usted como titular de datos personales podr\u00e1 ejercitar ante Francisco Garc\u00eda L\u00f3pez, S.A. de C.V., los derechos de acceso, rectificaci\u00f3n, cancelaci\u00f3n y oposici\u00f3n respecto al tratamiento de sus datos personales. Asimismo, podr\u00e1 revocar, en todo momento, el consentimiento que haya otorgado y que fuere necesario para el tratamiento de sus datos personales. A manera de referencia, a continuaci\u00f3n se describen los derechos de acceso, rectificaci\u00f3n, cancelaci\u00f3n y oposici\u00f3n:<br \/>A trav\u00e9s de su derecho de\u00a0<u><span style=\"border: none windowtext 1.0pt; mso-border-alt: none windowtext 0cm; padding: 0cm;\">acceso<\/span><\/u>\u00a0usted podr\u00e1 solicitar se le informe qu\u00e9 tipo de datos personales est\u00e1n siendo tratados por Francisco Garc\u00eda L\u00f3pez, S.A. de C.V. el origen de dichos datos y las comunicaciones que se hayan realizado con los mismos.<\/span><\/p><p style=\"margin-bottom: 0cm; text-align: justify; line-height: normal; background-image: initial; background-position: initial; background-size: initial; background-repeat: initial; background-attachment: initial; background-origin: initial; background-clip: initial; vertical-align: baseline;\"><span style=\"font-size: 12.0pt; font-family: 'Source Sans Pro',sans-serif; mso-fareast-font-family: 'Times New Roman'; mso-bidi-font-family: 'Times New Roman'; color: #002469; mso-fareast-language: ES-MX;\">Por virtud del derecho de\u00a0<u><span style=\"border: none windowtext 1.0pt; mso-border-alt: none windowtext 0cm; padding: 0cm;\">rectificaci\u00f3n<\/span><\/u>\u00a0usted puede solicitar se corrija o complete los datos personales que sean incorrectos o est\u00e9n incompletos y que obren en manos de Francisco Garc\u00eda L\u00f3pez, S.A. de C.V. Usted tendr\u00e1 la obligaci\u00f3n de informar a Francisco Garc\u00eda L\u00f3pez, S.A. de C.V., cuando deba hacerse un cambio o correcci\u00f3n en sus datos personales y este hecho solo sea de su conocimiento.<\/span><\/p><p style=\"margin-bottom: 0cm; text-align: justify; line-height: normal; background-image: initial; background-position: initial; background-size: initial; background-repeat: initial; background-attachment: initial; background-origin: initial; background-clip: initial; vertical-align: baseline;\"><span style=\"font-size: 12.0pt; font-family: 'Source Sans Pro',sans-serif; mso-fareast-font-family: 'Times New Roman'; mso-bidi-font-family: 'Times New Roman'; color: #002469; mso-fareast-language: ES-MX;\">Cuando sus datos personales hayan dejado de ser necesarios para los fines para los cuales se recabaron, usted podr\u00e1 solicitar que los mismos sean\u00a0<u><span style=\"border: none windowtext 1.0pt; mso-border-alt: none windowtext 0cm; padding: 0cm;\">cancelados<\/span><\/u>\u00a0si es que a\u00fan se conservaran en las bases de datos de Francisco Garc\u00eda L\u00f3pez, S.A. de C.V. El proceso de cancelaci\u00f3n ir\u00e1 precedido de un periodo de bloqueo mediante el cual \u00fanicamente se almacenaran sus datos por un tiempo, equivalente al plazo de prescripci\u00f3n de las acciones que dieron origen al tratamiento de sus datos personales o el periodo que por ley se establezca. Existen casos en que los datos personales no pueden ser cancelados por disposici\u00f3n de ley.<\/span><\/p><p style=\"margin-bottom: 0cm; text-align: justify; line-height: normal; background-image: initial; background-position: initial; background-size: initial; background-repeat: initial; background-attachment: initial; background-origin: initial; background-clip: initial; vertical-align: baseline;\"><span style=\"font-size: 12.0pt; font-family: 'Source Sans Pro',sans-serif; mso-fareast-font-family: 'Times New Roman'; mso-bidi-font-family: 'Times New Roman'; color: #002469; mso-fareast-language: ES-MX;\">Podr\u00e1\u00a0<u><span style=\"border: none windowtext 1.0pt; mso-border-alt: none windowtext 0cm; padding: 0cm;\">oponerse<\/span><\/u>\u00a0al tratamiento de sus datos personales, cuando exista una causa leg\u00edtima para ello, incluso habiendo expresado anteriormente su consentimiento para dicho tratamiento.<\/span><\/p><p style=\"margin-bottom: 0cm; text-align: justify; line-height: normal; background-image: initial; background-position: initial; background-size: initial; background-repeat: initial; background-attachment: initial; background-origin: initial; background-clip: initial; vertical-align: baseline;\"><b><span style=\"font-size: 12.0pt; font-family: 'Source Sans Pro',sans-serif; mso-fareast-font-family: 'Times New Roman'; mso-bidi-font-family: 'Times New Roman'; color: #002469; border: none windowtext 1.0pt; mso-border-alt: none windowtext 0cm; padding: 0cm; mso-fareast-language: ES-MX;\">\u00a0<\/span><\/b><\/p><p style=\"margin-bottom: 0cm; line-height: normal; background-image: initial; background-position: initial; background-size: initial; background-repeat: initial; background-attachment: initial; background-origin: initial; background-clip: initial; vertical-align: baseline; text-align: center;\"><b><span style=\"font-size: 12.0pt; font-family: 'Source Sans Pro',sans-serif; mso-fareast-font-family: 'Times New Roman'; mso-bidi-font-family: 'Times New Roman'; color: #002469; border: none windowtext 1.0pt; mso-border-alt: none windowtext 0cm; padding: 0cm; mso-fareast-language: ES-MX;\">Cambios al Aviso de Privacidad.<\/span><\/b><\/p><p style=\"margin-bottom: 19.2pt; text-align: justify; line-height: normal; background-image: initial; background-position: initial; background-size: initial; background-repeat: initial; background-attachment: initial; background-origin: initial; background-clip: initial; vertical-align: baseline;\"><span style=\"font-size: 12.0pt; font-family: 'Source Sans Pro',sans-serif; mso-fareast-font-family: 'Times New Roman'; mso-bidi-font-family: 'Times New Roman'; color: #002469; mso-fareast-language: ES-MX;\">Francisco Garc\u00eda L\u00f3pez, S.A. de C.V. se reserva el derecho de enmendar o modificar el presente Aviso de Privacidad como estime conveniente, por ejemplo, para cumplir con cambios a la legislaci\u00f3n sobre protecci\u00f3n de datos o de salud o cumplir con disposiciones internas de Francisco Garc\u00eda L\u00f3pez, S.A. de C.V.<\/span><\/p><p style=\"margin-bottom: 0cm; text-align: justify; line-height: normal; background-image: initial; background-position: initial; background-size: initial; background-repeat: initial; background-attachment: initial; background-origin: initial; background-clip: initial; vertical-align: baseline;\"><span style=\"font-size: 12.0pt; font-family: 'Source Sans Pro',sans-serif; mso-fareast-font-family: 'Times New Roman'; mso-bidi-font-family: 'Times New Roman'; color: #002469; mso-fareast-language: ES-MX;\">Francisco Garc\u00eda L\u00f3pez, S.A. de C.V. pondr\u00e1 a su disposici\u00f3n el Aviso de Privacidad actualizado cuando se le hagan cambios significativos al mismo, as\u00ed como cuando se requiera recabar su consentimiento. Usted tiene a su disposici\u00f3n, en todo momento, la versi\u00f3n actualizada del Aviso de Privacidad estar\u00e1 disponible en nuestro sitio web\u00a0<\/span><span style=\"color: black; mso-color-alt: windowtext;\"><a href=\"https:\/\/www.fgl.com.mx\/\"><b><span style=\"font-size: 12.0pt; font-family: 'Source Sans Pro',sans-serif; mso-fareast-font-family: 'Times New Roman'; mso-bidi-font-family: 'Times New Roman'; color: #2a88bf; border: none windowtext 1.0pt; mso-border-alt: none windowtext 0cm; padding: 0cm; mso-fareast-language: ES-MX;\">www.fgl.com.mx<\/span><\/b><\/a><\/span><\/p><p style=\"margin-bottom: 0cm; text-align: justify; line-height: normal; background-image: initial; background-position: initial; background-size: initial; background-repeat: initial; background-attachment: initial; background-origin: initial; background-clip: initial; vertical-align: baseline;\"><b><span style=\"font-size: 12.0pt; font-family: 'Source Sans Pro',sans-serif; mso-fareast-font-family: 'Times New Roman'; mso-bidi-font-family: 'Times New Roman'; color: #002469; border: none windowtext 1.0pt; mso-border-alt: none windowtext 0cm; padding: 0cm; mso-fareast-language: ES-MX;\">\u00a0<\/span><\/b><\/p><p style=\"margin-bottom: 0cm; line-height: normal; background-image: initial; background-position: initial; background-size: initial; background-repeat: initial; background-attachment: initial; background-origin: initial; background-clip: initial; vertical-align: baseline; text-align: center;\"><b><span style=\"font-size: 12.0pt; font-family: 'Source Sans Pro',sans-serif; mso-fareast-font-family: 'Times New Roman'; mso-bidi-font-family: 'Times New Roman'; color: #002469; border: none windowtext 1.0pt; mso-border-alt: none windowtext 0cm; padding: 0cm; mso-fareast-language: ES-MX;\">Protecci\u00f3n de Datos.<\/span><\/b><\/p><p><span style=\"font-size: 12.0pt; line-height: 107%; font-family: 'Source Sans Pro',sans-serif; mso-fareast-font-family: 'Times New Roman'; mso-bidi-font-family: 'Times New Roman'; color: #002469; mso-ansi-language: ES-MX; mso-fareast-language: ES-MX; mso-bidi-language: AR-SA;\">Usted podr\u00e1 dirigir cualquier pregunta o comentario respecto del presente Aviso de Privacidad o ejercitar los derechos que por la Ley Federal de Protecci\u00f3n de Datos Personales en Posesi\u00f3n de los Particulares le correspondan,\u00a0 al correo electr\u00f3nico fglmexico@fgl.com.mx<\/span><\/p>\t\t\t\t\t\t<\/div>\n\t\t\t\t<\/div>\n\t\t\t\t\t<\/div>\n\t\t<\/div>\n\t\t\t\t\t\t\t<\/div>\n\t\t<\/section>\n\t\t\t\t\t\t<\/div>\n\t\t\t\t\t<\/div>\n\t\t","protected":false},"excerpt":{"rendered":"<p>Para\u00a0Francisco Garc\u00eda L\u00f3pez, S.A. de C.V., cuyo objetivo prioritario es \u201caliviar el sufrimiento y prolongar la vida\u201d, y respondiendo a los requerimientos legales\u00a0 sobre el tratamiento leg\u00edtimo, controlado e informado de los datos personales, su privacidad y confianza \u00a0es de vital importancia para alcanzar dicho objetivo con la participaci\u00f3n de todas las \u00e1reas del negocio,<\/p>\n<div class=\"more-link\">\n\t\t\t\t <a href=\"https:\/\/fgl.com.mx\/index.php\/aviso-de-privacidad\/\" class=\"btn theme-btn\"><span>Continuar Leyendo <\/span><i class=\"icofont-thin-double-right\"><\/i><\/a>\n\t\t\t<\/div>\n","protected":false},"author":1,"featured_media":0,"parent":0,"menu_order":0,"comment_status":"closed","ping_status":"closed","template":"","meta":{"footnotes":""},"blog_post_layout_featured_media_urls":{"thumbnail":"","full":""},"categories_names":null,"comments_number":"0","_links":{"self":[{"href":"https:\/\/fgl.com.mx\/index.php\/wp-json\/wp\/v2\/pages\/386"}],"collection":[{"href":"https:\/\/fgl.com.mx\/index.php\/wp-json\/wp\/v2\/pages"}],"about":[{"href":"https:\/\/fgl.com.mx\/index.php\/wp-json\/wp\/v2\/types\/page"}],"author":[{"embeddable":true,"href":"https:\/\/fgl.com.mx\/index.php\/wp-json\/wp\/v2\/users\/1"}],"replies":[{"embeddable":true,"href":"https:\/\/fgl.com.mx\/index.php\/wp-json\/wp\/v2\/comments?post=386"}],"version-history":[{"count":8,"href":"https:\/\/fgl.com.mx\/index.php\/wp-json\/wp\/v2\/pages\/386\/revisions"}],"predecessor-version":[{"id":1519,"href":"https:\/\/fgl.com.mx\/index.php\/wp-json\/wp\/v2\/pages\/386\/revisions\/1519"}],"wp:attachment":[{"href":"https:\/\/fgl.com.mx\/index.php\/wp-json\/wp\/v2\/media?parent=386"}],"curies":[{"name":"wp","href":"https:\/\/api.w.org\/{rel}","templated":true}]}}